{"id":5880,"date":"2019-02-28T11:18:35","date_gmt":"2019-02-28T10:18:35","guid":{"rendered":"https:\/\/www.hotelverdi.net\/colli-euganei\/"},"modified":"2019-06-28T12:23:20","modified_gmt":"2019-06-28T10:23:20","slug":"collines-euganeennes","status":"publish","type":"page","link":"https:\/\/www.abanoverdi.com\/fr\/collines-euganeennes\/","title":{"rendered":"Collines Eugan\u00e9ennes"},"content":{"rendered":"<p>[vc_row][vc_column width=\u00a0\u00bb1\/2&Prime; css=\u00a0\u00bb.vc_custom_1467360650255{margin-top: 10px !important;margin-bottom: 10px !important;padding-top: 0px !important;padding-right: 40px !important;}\u00a0\u00bb]<div style=\"background-color:;height: 10px\" class=\"nicdark_section  \"><\/div> <h2 style=\"color:#727475;padding:px;text-align:right;font-size:40px;line-height:50px;letter-spacing: px;font-weight:normal\" class=\"  nd_options_text_align_center_responsive_important nd_options_first_font \">Un territoire riche en opportunit\u00e9s pour vivre en contact avec la nature et l'histoire.<\/h2> <div style=\"background-color:;height: 45px\" class=\"nicdark_section  \"><\/div>[\/vc_column][vc_column width=\u00a0\u00bb1\/2&Prime; css=\u00a0\u00bb.vc_custom_1467207292391{margin-top: 10px !important;margin-bottom: 10px !important;padding-top: 0px !important;}\u00a0\u00bb]<div style=\"background-color:;height: 20px\" class=\"nicdark_section  \"><\/div>[vc_column_text el_class=\u00a0\u00bbnd_options_text_align_center_responsive\u00a0\u00bb]Nous avons s\u00e9lectionn\u00e9 pour vous quelques lieux caract\u00e9ristiques: les ch\u00e2teaux, les villas v\u00e9nitiennes, les abbayes, les bourgs m\u00e9di\u00e9vaux, les mus\u00e9es et les jardins servent de toile de fond aux magnifiques paysages des Collines Eugan\u00e9ennes :[\/vc_column_text]<div style=\"background-color:;height: 45px\" class=\"nicdark_section  \"><\/div>[\/vc_column][\/vc_row][vc_row full_width=\u00a0\u00bbstretch_row\u00a0\u00bb parallax=\u00a0\u00bbcontent-moving\u00a0\u00bb parallax_image=\u00a0\u00bb4901&Prime; css=\u00a0\u00bb.vc_custom_1551358840250{background-position: center;background-repeat: no-repeat !important;background-size: contain !important;}\u00a0\u00bb el_class=\u00a0\u00bbnd_options_vc_parallax_filter_2_4&Prime;][vc_column]<div style=\"background-color:;height: 35px\" class=\"nicdark_section  \"><\/div> <p style=\"color:#ffffff;padding:px;text-align:center;font-size:35px;line-height:40px;letter-spacing: px;font-weight:normal\" class=\"  nd_options_text_align_center_responsive_important nd_options_first_font \">A quelques kilom\u00e8tres de l'h\u00f4tel: histoire, culture et nature :<\/p> <div style=\"background-color:;height: 25px\" class=\"nicdark_section  \"><\/div>[vc_row_inner gap=\u00a0\u00bb10&Prime; css=\u00a0\u00bb.vc_custom_1551351889025{margin: 0px !important;padding: 0px !important;border: 0px initial !important;}\u00a0\u00bb][vc_column_inner width=\u00a0\u00bb1\/3&Prime; css=\u00a0\u00bb.vc_custom_1551352243353{padding: 10px !important;background-color: rgba(255,255,255,0.89) !important;*background-color: rgb(255,255,255) !important;}\u00a0\u00bb]\n\n    <div class=\"nd_options_section  nd_options_text_align_center \">\n\n        <img style=\"margin-top:10px\" alt=\"\" width=\"60\" src=\"https:\/\/www.abanoverdi.com\/wp-content\/uploads\/2019\/02\/altar.png\">\n\n        <div class=\"nd_options_section nd_options_box_sizing_border_box\">\n            \n            <h3 class=\"nd_options_first_font  \" style=\"margin:7px 0px 0px 0px;color:#765d41;font-size:21px;line-height:21px\">Abbaye de Praglia<\/h3> \n            <p class=\"nd_options_second_font  \" style=\"margin:7px 0px 15px 0px;color:#727475;font-size:14px;line-height:24px\">Teolo - Padoue<\/p> \n            <a class=\"nd_options_second_font nd_options_display_inline_block \" style=\"font-size:11px;line-height:11px;border-radius:0px;border:1px solid #f1f1f1;background-color:#ffffff;padding:8px 12px;color:#727475\" rel=\"\" target=\"_blank\" href=\"http:\/\/www.praglia.it\">VISITE<\/a>\n\n        <\/div>\n\n    <\/div>\n\n  [\/vc_column_inner][vc_column_inner width=\u00a0\u00bb1\/3&Prime; css=\u00a0\u00bb.vc_custom_1551352250941{padding: 10px !important;background-color: rgba(255,255,255,0.89) !important;*background-color: rgb(255,255,255) !important;}\u00a0\u00bb]\n\n    <div class=\"nd_options_section  nd_options_text_align_center \">\n\n        <img style=\"margin-top:10px\" alt=\"\" width=\"60\" src=\"https:\/\/www.abanoverdi.com\/wp-content\/uploads\/2019\/02\/altar.png\">\n\n        <div class=\"nd_options_section nd_options_box_sizing_border_box\">\n            \n            <h3 class=\"nd_options_first_font  \" style=\"margin:7px 0px 0px 0px;color:#765d41;font-size:21px;line-height:21px\">FAI Villa dei Vescovi<\/h3> \n            <p class=\"nd_options_second_font  \" style=\"margin:7px 0px 15px 0px;color:#727475;font-size:14px;line-height:24px\">Luvigliano - Padoue<\/p> \n            <a class=\"nd_options_second_font nd_options_display_inline_block \" style=\"font-size:11px;line-height:11px;border-radius:0px;border:1px solid #f1f1f1;background-color:#ffffff;padding:8px 12px;color:#727475\" rel=\"\" target=\"_blank\" href=\"https:\/\/www.fondoambiente.it\/luoghi\/villa-dei-vescovi\">VISITE<\/a>\n\n        <\/div>\n\n    <\/div>\n\n  [\/vc_column_inner][vc_column_inner width=\u00a0\u00bb1\/3&Prime; css=\u00a0\u00bb.vc_custom_1551352256545{padding: 10px !important;background-color: rgba(255,255,255,0.89) !important;*background-color: rgb(255,255,255) !important;}\u00a0\u00bb]\n\n    <div class=\"nd_options_section  nd_options_text_align_center \">\n\n        <img style=\"margin-top:10px\" alt=\"\" width=\"60\" src=\"https:\/\/www.abanoverdi.com\/wp-content\/uploads\/2019\/02\/castle.png\">\n\n        <div class=\"nd_options_section nd_options_box_sizing_border_box\">\n            \n            <h3 class=\"nd_options_first_font  \" style=\"margin:7px 0px 0px 0px;color:#765d41;font-size:21px;line-height:21px\">Ch\u00e2teau du Catajo<\/h3> \n            <p class=\"nd_options_second_font  \" style=\"margin:7px 0px 15px 0px;color:#727475;font-size:14px;line-height:24px\">Battaglia Terme - Padoue<\/p> \n            <a class=\"nd_options_second_font nd_options_display_inline_block \" style=\"font-size:11px;line-height:11px;border-radius:0px;border:1px solid #f1f1f1;background-color:#ffffff;padding:8px 12px;color:#727475\" rel=\"\" target=\"_blank\" href=\"http:\/\/www.castellodelcatajo.it\/\">VISITE<\/a>\n\n        <\/div>\n\n    <\/div>\n\n  [\/vc_column_inner][\/vc_row_inner][vc_row_inner gap=\u00a0\u00bb10&Prime; css=\u00a0\u00bb.vc_custom_1551352291983{margin-top: 0px !important;margin-right: 0px !important;margin-bottom: 0px !important;margin-left: 0px !important;padding-top: 0px !important;padding-right: 0px !important;padding-bottom: 0px !important;padding-left: 0px !important;}\u00a0\u00bb][vc_column_inner width=\u00a0\u00bb1\/3&Prime; css=\u00a0\u00bb.vc_custom_1551352218671{padding: 10px !important;background-color: rgba(255,255,255,0.89) !important;*background-color: rgb(255,255,255) !important;}\u00a0\u00bb]\n\n    <div class=\"nd_options_section  nd_options_text_align_center \">\n\n        <img style=\"margin-top:10px\" alt=\"\" width=\"60\" src=\"https:\/\/www.abanoverdi.com\/wp-content\/uploads\/2019\/02\/leaf.png\">\n\n        <div class=\"nd_options_section nd_options_box_sizing_border_box\">\n            \n            <h3 class=\"nd_options_first_font  \" style=\"margin:7px 0px 0px 0px;color:#765d41;font-size:21px;line-height:21px\">Jardins de Valsanzibio<\/h3> \n            <p class=\"nd_options_second_font  \" style=\"margin:7px 0px 15px 0px;color:#727475;font-size:14px;line-height:24px\">Valsanzibio - Galzignano Terme - Padoue<\/p> \n            <a class=\"nd_options_second_font nd_options_display_inline_block \" style=\"font-size:11px;line-height:11px;border-radius:0px;border:1px solid #f1f1f1;background-color:#ffffff;padding:8px 12px;color:#727475\" rel=\"\" target=\"_blank\" href=\"http:\/\/www.praglia.it\">VISITE<\/a>\n\n        <\/div>\n\n    <\/div>\n\n  [\/vc_column_inner][vc_column_inner width=\u00a0\u00bb1\/3&Prime; css=\u00a0\u00bb.vc_custom_1551352227417{padding: 10px !important;background-color: rgba(255,255,255,0.89) !important;*background-color: rgb(255,255,255) !important;}\u00a0\u00bb]\n\n    <div class=\"nd_options_section  nd_options_text_align_center \">\n\n        <img style=\"margin-top:10px\" alt=\"\" width=\"60\" src=\"https:\/\/www.abanoverdi.com\/wp-content\/uploads\/2019\/02\/citta.png\">\n\n        <div class=\"nd_options_section nd_options_box_sizing_border_box\">\n            \n            <h3 class=\"nd_options_first_font  \" style=\"margin:7px 0px 0px 0px;color:#765d41;font-size:21px;line-height:21px\">Village m\u00e9di\u00e9val d'Arqu\u00e0 Petrarca<\/h3> \n            <p class=\"nd_options_second_font  \" style=\"margin:7px 0px 15px 0px;color:#727475;font-size:14px;line-height:24px\">Arqu\u00e0 Petrarca - Padoue<\/p> \n            <a class=\"nd_options_second_font nd_options_display_inline_block \" style=\"font-size:11px;line-height:11px;border-radius:0px;border:1px solid #f1f1f1;background-color:#ffffff;padding:8px 12px;color:#727475\" rel=\"\" target=\"_blank\" href=\"http:\/\/www.arquapetrarca.com\/\">VISITE<\/a>\n\n        <\/div>\n\n    <\/div>\n\n  [\/vc_column_inner][vc_column_inner width=\u00a0\u00bb1\/3&Prime; css=\u00a0\u00bb.vc_custom_1551352234767{padding: 10px !important;background-color: rgba(255,255,255,0.89) !important;*background-color: rgb(255,255,255) !important;}\u00a0\u00bb]\n\n    <div class=\"nd_options_section  nd_options_text_align_center \">\n\n        <img style=\"margin-top:10px\" alt=\"\" width=\"60\" src=\"https:\/\/www.abanoverdi.com\/wp-content\/uploads\/2019\/02\/citta.png\">\n\n        <div class=\"nd_options_section nd_options_box_sizing_border_box\">\n            \n            <h3 class=\"nd_options_first_font  \" style=\"margin:7px 0px 0px 0px;color:#765d41;font-size:21px;line-height:21px\">Ville fortifi\u00e9e de Monselice<\/h3> \n            <p class=\"nd_options_second_font  \" style=\"margin:7px 0px 15px 0px;color:#727475;font-size:14px;line-height:24px\">Monselice - Padoue<\/p> \n            <a class=\"nd_options_second_font nd_options_display_inline_block \" style=\"font-size:11px;line-height:11px;border-radius:0px;border:1px solid #f1f1f1;background-color:#ffffff;padding:8px 12px;color:#727475\" rel=\"\" target=\"_blank\" href=\"http:\/\/www.monseliceturismo.it\/\">VISITE<\/a>\n\n        <\/div>\n\n    <\/div>\n\n  [\/vc_column_inner][\/vc_row_inner][vc_row_inner gap=\u00a0\u00bb10&Prime; css=\u00a0\u00bb.vc_custom_1551351926115{margin: 0px !important;padding: 0px !important;border: 0px initial !important;}\u00a0\u00bb][vc_column_inner width=\u00a0\u00bb1\/3&Prime; css=\u00a0\u00bb.vc_custom_1551352150205{padding: 10px !important;background-color: rgba(255,255,255,0.89) !important;*background-color: rgb(255,255,255) !important;}\u00a0\u00bb]\n\n    <div class=\"nd_options_section  nd_options_text_align_center \">\n\n        <img style=\"margin-top:10px\" alt=\"\" width=\"60\" src=\"https:\/\/www.abanoverdi.com\/wp-content\/uploads\/2019\/02\/castle.png\">\n\n        <div class=\"nd_options_section nd_options_box_sizing_border_box\">\n            \n            <h3 class=\"nd_options_first_font  \" style=\"margin:7px 0px 0px 0px;color:#765d41;font-size:21px;line-height:21px\">Ch\u00e2teau Cini<\/h3> \n            <p class=\"nd_options_second_font  \" style=\"margin:7px 0px 15px 0px;color:#727475;font-size:14px;line-height:24px\">Monselice - Padoue<\/p> \n            <a class=\"nd_options_second_font nd_options_display_inline_block \" style=\"font-size:11px;line-height:11px;border-radius:0px;border:1px solid #f1f1f1;background-color:#ffffff;padding:8px 12px;color:#727475\" rel=\"\" target=\"_blank\" href=\"http:\/\/www.castellodimonselice.it\/\">VISITE<\/a>\n\n        <\/div>\n\n    <\/div>\n\n  [\/vc_column_inner][vc_column_inner width=\u00a0\u00bb1\/3&Prime; css=\u00a0\u00bb.vc_custom_1551352156325{padding: 10px !important;background-color: rgba(255,255,255,0.89) !important;*background-color: rgb(255,255,255) !important;}\u00a0\u00bb]\n\n    <div class=\"nd_options_section  nd_options_text_align_center \">\n\n        <img style=\"margin-top:10px\" alt=\"\" width=\"60\" src=\"https:\/\/www.abanoverdi.com\/wp-content\/uploads\/2019\/02\/castle.png\">\n\n        <div class=\"nd_options_section nd_options_box_sizing_border_box\">\n            \n            <h3 class=\"nd_options_first_font  \" style=\"margin:7px 0px 0px 0px;color:#765d41;font-size:21px;line-height:21px\">Ch\u00e2teau de San Pelagio<\/h3> \n            <p class=\"nd_options_second_font  \" style=\"margin:7px 0px 15px 0px;color:#727475;font-size:14px;line-height:24px\">Due Carrare - Padoue<\/p> \n            <a class=\"nd_options_second_font nd_options_display_inline_block \" style=\"font-size:11px;line-height:11px;border-radius:0px;border:1px solid #f1f1f1;background-color:#ffffff;padding:8px 12px;color:#727475\" rel=\"\" target=\"_blank\" href=\"https:\/\/www.castellosanpelagio.it\/\">VISITE<\/a>\n\n        <\/div>\n\n    <\/div>\n\n  [\/vc_column_inner][vc_column_inner width=\u00a0\u00bb1\/3&Prime; css=\u00a0\u00bb.vc_custom_1551352162458{padding: 10px !important;background-color: rgba(255,255,255,0.89) !important;*background-color: rgb(255,255,255) !important;}\u00a0\u00bb]\n\n    <div class=\"nd_options_section  nd_options_text_align_center \">\n\n        <img style=\"margin-top:10px\" alt=\"\" width=\"60\" src=\"https:\/\/www.abanoverdi.com\/wp-content\/uploads\/2019\/02\/altar.png\">\n\n        <div class=\"nd_options_section nd_options_box_sizing_border_box\">\n            \n            <h3 class=\"nd_options_first_font  \" style=\"margin:7px 0px 0px 0px;color:#765d41;font-size:21px;line-height:21px\">Monast\u00e8re de San Daniele<\/h3> \n            <p class=\"nd_options_second_font  \" style=\"margin:7px 0px 15px 0px;color:#727475;font-size:14px;line-height:24px\">Abano Terme - Padoue<\/p> \n            <a class=\"nd_options_second_font nd_options_display_inline_block \" style=\"font-size:11px;line-height:11px;border-radius:0px;border:1px solid #f1f1f1;background-color:#ffffff;padding:8px 12px;color:#727475\" rel=\"\" target=\"_blank\" href=\"http:\/\/www.monasterosandaniele.it\/\">VISITE<\/a>\n\n        <\/div>\n\n    <\/div>\n\n  [\/vc_column_inner][\/vc_row_inner][vc_row_inner gap=\u00a0\u00bb10&Prime; css=\u00a0\u00bb.vc_custom_1551351935922{margin: 0px !important;padding: 0px !important;border: 0px initial !important;}\u00a0\u00bb][vc_column_inner width=\u00a0\u00bb1\/3&Prime; css=\u00a0\u00bb.vc_custom_1551352124064{padding: 10px !important;background-color: rgba(255,255,255,0.89) !important;*background-color: rgb(255,255,255) !important;}\u00a0\u00bb]\n\n    <div class=\"nd_options_section  nd_options_text_align_center \">\n\n        <img style=\"margin-top:10px\" alt=\"\" width=\"60\" src=\"https:\/\/www.abanoverdi.com\/wp-content\/uploads\/2019\/02\/leaf.png\">\n\n        <div class=\"nd_options_section nd_options_box_sizing_border_box\">\n            \n            <h3 class=\"nd_options_first_font  \" style=\"margin:7px 0px 0px 0px;color:#765d41;font-size:21px;line-height:21px\">Jardin Botanique<\/h3> \n            <p class=\"nd_options_second_font  \" style=\"margin:7px 0px 15px 0px;color:#727475;font-size:14px;line-height:24px\">Padoue<\/p> \n            <a class=\"nd_options_second_font nd_options_display_inline_block \" style=\"font-size:11px;line-height:11px;border-radius:0px;border:1px solid #f1f1f1;background-color:#ffffff;padding:8px 12px;color:#727475\" rel=\"\" target=\"_blank\" href=\"http:\/\/www.ortobotanicopd.it\/\">VISITE<\/a>\n\n        <\/div>\n\n    <\/div>\n\n  [\/vc_column_inner][vc_column_inner width=\u00a0\u00bb1\/3&Prime; css=\u00a0\u00bb.vc_custom_1551352131992{padding: 10px !important;background-color: rgba(255,255,255,0.89) !important;*background-color: rgb(255,255,255) !important;}\u00a0\u00bb]\n\n    <div class=\"nd_options_section  nd_options_text_align_center \">\n\n        <img style=\"margin-top:10px\" alt=\"\" width=\"60\" src=\"https:\/\/www.abanoverdi.com\/wp-content\/uploads\/2019\/02\/leaf.png\">\n\n        <div class=\"nd_options_section nd_options_box_sizing_border_box\">\n            \n            <h3 class=\"nd_options_first_font  \" style=\"margin:7px 0px 0px 0px;color:#765d41;font-size:21px;line-height:21px\">Parc d'Aventure Le Fiorine<\/h3> \n            <p class=\"nd_options_second_font  \" style=\"margin:7px 0px 15px 0px;color:#727475;font-size:14px;line-height:24px\">Teolo - Padoue<\/p> \n            <a class=\"nd_options_second_font nd_options_display_inline_block \" style=\"font-size:11px;line-height:11px;border-radius:0px;border:1px solid #f1f1f1;background-color:#ffffff;padding:8px 12px;color:#727475\" rel=\"\" target=\"_blank\" href=\"http:\/\/www.parcoavventurafiorine.it\/\">VISITE<\/a>\n\n        <\/div>\n\n    <\/div>\n\n  [\/vc_column_inner][vc_column_inner width=\u00a0\u00bb1\/3&Prime; css=\u00a0\u00bb.vc_custom_1551352142553{padding: 10px !important;background-color: rgba(255,255,255,0.89) !important;*background-color: rgb(255,255,255) !important;}\u00a0\u00bb]\n\n    <div class=\"nd_options_section  nd_options_text_align_center \">\n\n        <img style=\"margin-top:10px\" alt=\"\" width=\"60\" src=\"https:\/\/www.abanoverdi.com\/wp-content\/uploads\/2019\/02\/altar.png\">\n\n        <div class=\"nd_options_section nd_options_box_sizing_border_box\">\n            \n            <h3 class=\"nd_options_first_font  \" style=\"margin:7px 0px 0px 0px;color:#765d41;font-size:21px;line-height:21px\">Villa Beatrice d'Este<\/h3> \n            <p class=\"nd_options_second_font  \" style=\"margin:7px 0px 15px 0px;color:#727475;font-size:14px;line-height:24px\">Cinto Euganeo - Padoue<\/p> \n            <a class=\"nd_options_second_font nd_options_display_inline_block \" style=\"font-size:11px;line-height:11px;border-radius:0px;border:1px solid #f1f1f1;background-color:#ffffff;padding:8px 12px;color:#727475\" rel=\"\" target=\"_blank\" href=\"https:\/\/www.micromegamondo.com\/it\/musei-e-parchi\/musei-provinciali-euganei\/villa-beatrice-d-este\">VISITE<\/a>\n\n        <\/div>\n\n    <\/div>\n\n  [\/vc_column_inner][\/vc_row_inner][vc_row_inner gap=\u00a0\u00bb10&Prime; css=\u00a0\u00bb.vc_custom_1551352302097{margin-top: 0px !important;margin-right: 0px !important;margin-bottom: 0px !important;margin-left: 0px !important;padding-top: 0px !important;padding-right: 0px !important;padding-bottom: 0px !important;padding-left: 0px !important;}\u00a0\u00bb][vc_column_inner width=\u00a0\u00bb1\/3&Prime; css=\u00a0\u00bb.vc_custom_1551352187205{padding: 10px !important;background-color: rgba(255,255,255,0.89) !important;*background-color: rgb(255,255,255) !important;}\u00a0\u00bb]\n\n    <div class=\"nd_options_section  nd_options_text_align_center \">\n\n        <img style=\"margin-top:10px\" alt=\"\" width=\"60\" src=\"https:\/\/www.abanoverdi.com\/wp-content\/uploads\/2019\/02\/camera.png\">\n\n        <div class=\"nd_options_section nd_options_box_sizing_border_box\">\n            \n            <h3 class=\"nd_options_first_font  \" style=\"margin:7px 0px 0px 0px;color:#765d41;font-size:21px;line-height:21px\">Butterfly Arc, casa delle farfalle e bosco delle fate<\/h3> \n            <p class=\"nd_options_second_font  \" style=\"margin:7px 0px 15px 0px;color:#727475;font-size:14px;line-height:24px\">Montegrotto Terme - Padoue<\/p> \n            <a class=\"nd_options_second_font nd_options_display_inline_block \" style=\"font-size:11px;line-height:11px;border-radius:0px;border:1px solid #f1f1f1;background-color:#ffffff;padding:8px 12px;color:#727475\" rel=\"\" target=\"_blank\" href=\"https:\/\/www.micromegamondo.com\">VISITE<\/a>\n\n        <\/div>\n\n    <\/div>\n\n  [\/vc_column_inner][vc_column_inner width=\u00a0\u00bb1\/3&Prime; css=\u00a0\u00bb.vc_custom_1551352194307{padding: 10px !important;background-color: rgba(255,255,255,0.89) !important;*background-color: rgb(255,255,255) !important;}\u00a0\u00bb]\n\n    <div class=\"nd_options_section  nd_options_text_align_center \">\n\n        <img style=\"margin-top:10px\" alt=\"\" width=\"60\" src=\"https:\/\/www.abanoverdi.com\/wp-content\/uploads\/2019\/02\/leaf.png\">\n\n        <div class=\"nd_options_section nd_options_box_sizing_border_box\">\n            \n            <h3 class=\"nd_options_first_font  \" style=\"margin:7px 0px 0px 0px;color:#765d41;font-size:21px;line-height:21px\">Mus\u00e9e G\u00e9o- pal\u00e9ontologique Cava Bomba<\/h3> \n            <p class=\"nd_options_second_font  \" style=\"margin:7px 0px 15px 0px;color:#727475;font-size:14px;line-height:24px\">Cinto Euganeo - Padoue<\/p> \n            <a class=\"nd_options_second_font nd_options_display_inline_block \" style=\"font-size:11px;line-height:11px;border-radius:0px;border:1px solid #f1f1f1;background-color:#ffffff;padding:8px 12px;color:#727475\" rel=\"\" target=\"_blank\" href=\"https:\/\/www.micromegamondo.com\/it\/musei-e-parchi\/musei-provinciali-euganei\/cava-bomba\">VISITE<\/a>\n\n        <\/div>\n\n    <\/div>\n\n  [\/vc_column_inner][vc_column_inner width=\u00a0\u00bb1\/3&Prime; css=\u00a0\u00bb.vc_custom_1551352207447{padding-top: 10px !important;padding-right: 10px !important;padding-bottom: 10px !important;padding-left: 10px !important;background-color: rgba(255,255,255,0.89) !important;*background-color: rgb(255,255,255) !important;}\u00a0\u00bb]\n\n    <div class=\"nd_options_section  nd_options_text_align_center \">\n\n        <img style=\"margin-top:10px\" alt=\"\" width=\"60\" src=\"https:\/\/www.abanoverdi.com\/wp-content\/uploads\/2019\/02\/leaf.png\">\n\n        <div class=\"nd_options_section nd_options_box_sizing_border_box\">\n            \n            <h3 class=\"nd_options_first_font  \" style=\"margin:7px 0px 0px 0px;color:#765d41;font-size:21px;line-height:21px\">Casa Marina Centre d'\u00e9ducation naturaliste du parc Colli<\/h3> \n            <p class=\"nd_options_second_font  \" style=\"margin:7px 0px 15px 0px;color:#727475;font-size:14px;line-height:24px\">Galzignano Terme - Padoue<\/p> \n            <a class=\"nd_options_second_font nd_options_display_inline_block \" style=\"font-size:11px;line-height:11px;border-radius:0px;border:1px solid #f1f1f1;background-color:#ffffff;padding:8px 12px;color:#727475\" rel=\"\" target=\"_blank\" href=\"http:\/\/www.parcocollieuganei.com\/centri-visita-dettaglio.php?id=490\">VISITE<\/a>\n\n        <\/div>\n\n    <\/div>\n\n  [\/vc_column_inner][\/vc_row_inner][vc_row_inner][vc_column_inner]<div style=\"background-color:;height: 65px\" class=\"nicdark_section  \"><\/div>[\/vc_column_inner][\/vc_row_inner][\/vc_column][\/vc_row][vc_row][vc_column][vc_raw_html css=\u00a0\u00bb.vc_custom_1561713433635{margin-bottom: 0px !important;border-bottom-width: 0px !important;padding-bottom: 0px !important;}\u00a0\u00bb]JTVCaW5jbHVkZS1wYWdlJTIwaWQlM0QlMjIlMkZpbmNsdWRlLWxhc3QtbWludXRlZnIlMjIlNUQ=[\/vc_raw_html][vc_masonry_grid post_type=\u00a0\u00bbpost\u00a0\u00bb max_items=\u00a0\u00bb3&Prime; style=\u00a0\u00bbload-more\u00a0\u00bb item=\u00a0\u00bb6418&Prime; grid_id=\u00a0\u00bbvc_gid:1561714316562-e55c4828-be06-7&Prime; taxonomies=\u00a0\u00bb44&Prime; css=\u00a0\u00bb.vc_custom_1561466729758{margin-top: 0px !important;border-top-width: 0px !important;padding-top: 25px !important;}\u00a0\u00bb][\/vc_column][\/vc_row][vc_row][vc_column][vc_raw_html]JTVCaW5jbHVkZS1wYWdlJTIwaWQlM0QlMjIlMkZjYWxlbmRhcmlvZnIlMjIlNUQ=[\/vc_raw_html][\/vc_column][\/vc_row]<\/p>\n","protected":false},"excerpt":{"rendered":"<p>[vc_row][vc_column width=\u00a0\u00bb1\/2&Prime; css=\u00a0\u00bb.vc_custom_1467360650255{margin-top: 10px !important;margin-bottom: 10px !important;padding-top: 0px !important;padding-right: 40px !important;}\u00a0\u00bb][\/vc_column][vc_column width=\u00a0\u00bb1\/2&Prime; css=\u00a0\u00bb.vc_custom_1467207292391{margin-top: 10px !important;margin-bottom: 10px !important;padding-top: 0px !important;}\u00a0\u00bb][vc_column_text el_class=\u00a0\u00bbnd_options_text_align_center_responsive\u00a0\u00bb]Nous avons s\u00e9lectionn\u00e9 pour vous quelques lieux caract\u00e9ristiques: les ch\u00e2teaux, les villas v\u00e9nitiennes, les abbayes, les bourgs m\u00e9di\u00e9vaux, les mus\u00e9es et les jardins servent de toile de fond aux magnifiques paysages des Collines Eugan\u00e9ennes :[\/vc_column_text][\/vc_column][\/vc_row][vc_row full_width=\u00a0\u00bbstretch_row\u00a0\u00bb [&hellip;]<\/p>\n","protected":false},"author":2,"featured_media":0,"parent":0,"menu_order":0,"comment_status":"closed","ping_status":"closed","template":"","meta":{"_monsterinsights_skip_tracking":false,"_monsterinsights_sitenote_active":false,"_monsterinsights_sitenote_note":"","_monsterinsights_sitenote_category":0},"yoast_head":"<!-- This site is optimized with the Yoast SEO plugin v18.2 - https:\/\/yoast.com\/wordpress\/plugins\/seo\/ -->\n<title>Collines Eugan\u00e9ennes - Hotel Terme Abano Verdi - Sito Ufficiale Hotel 4* Abano Terme<\/title>\n<meta name=\"description\" content=\"Collines Eugan\u00e9ennes Abbiamo selezionato per voi alcuni luoghi caratteristici in cui castelli, ville venete, abbazie, borghi medievali, musei, giardini fanno da scenario agli incantevoli paesaggi dei Colli Euganei.\" \/>\n<meta name=\"robots\" content=\"index, follow, max-snippet:-1, max-image-preview:large, max-video-preview:-1\" \/>\n<link rel=\"canonical\" href=\"https:\/\/www.abanoverdi.com\/fr\/collines-euganeennes\/\" \/>\n<meta property=\"og:locale\" content=\"fr_FR\" \/>\n<meta property=\"og:type\" content=\"article\" \/>\n<meta property=\"og:title\" content=\"Collines Eugan\u00e9ennes - Hotel Terme Abano Verdi - Sito Ufficiale Hotel 4* Abano Terme\" \/>\n<meta property=\"og:description\" content=\"Collines Eugan\u00e9ennes Abbiamo selezionato per voi alcuni luoghi caratteristici in cui castelli, ville venete, abbazie, borghi medievali, musei, giardini fanno da scenario agli incantevoli paesaggi dei Colli Euganei.\" \/>\n<meta property=\"og:url\" content=\"https:\/\/www.abanoverdi.com\/fr\/collines-euganeennes\/\" \/>\n<meta property=\"og:site_name\" content=\"Hotel Terme Abano Verdi - Sito Ufficiale Hotel 4* Abano Terme\" \/>\n<meta property=\"article:publisher\" content=\"https:\/\/www.facebook.com\/HotelAbanoVerdi\" \/>\n<meta property=\"article:modified_time\" content=\"2019-06-28T10:23:20+00:00\" \/>\n<meta name=\"twitter:card\" content=\"summary_large_image\" \/>\n<meta name=\"twitter:site\" content=\"@abanoverdi\" \/>\n<meta name=\"twitter:label1\" content=\"Dur\u00e9e de lecture estim\u00e9e\" \/>\n\t<meta name=\"twitter:data1\" content=\"18 minutes\" \/>\n<script type=\"application\/ld+json\" class=\"yoast-schema-graph\">{\"@context\":\"https:\/\/schema.org\",\"@graph\":[{\"@type\":\"Organization\",\"@id\":\"https:\/\/www.abanoverdi.com\/#organization\",\"name\":\"Hotel Terme Abano Verdi\",\"url\":\"https:\/\/www.abanoverdi.com\/\",\"sameAs\":[\"https:\/\/www.facebook.com\/HotelAbanoVerdi\",\"https:\/\/www.instagram.com\/hotelabanoverdi\/\",\"https:\/\/www.youtube.com\/channel\/UCCqIQp1lBXOEoN7lKyEdnEA\/\",\"https:\/\/www.pinterest.it\/HotelAbanoVerdi\/\",\"https:\/\/twitter.com\/abanoverdi\"],\"logo\":{\"@type\":\"ImageObject\",\"@id\":\"https:\/\/www.abanoverdi.com\/#logo\",\"inLanguage\":\"fr-FR\",\"url\":\"https:\/\/www.abanoverdi.com\/wp-content\/uploads\/2018\/11\/logo-verdi-compresso-1.png\",\"contentUrl\":\"https:\/\/www.abanoverdi.com\/wp-content\/uploads\/2018\/11\/logo-verdi-compresso-1.png\",\"width\":206,\"height\":92,\"caption\":\"Hotel Terme Abano Verdi\"},\"image\":{\"@id\":\"https:\/\/www.abanoverdi.com\/#logo\"}},{\"@type\":\"WebSite\",\"@id\":\"https:\/\/www.abanoverdi.com\/#website\",\"url\":\"https:\/\/www.abanoverdi.com\/\",\"name\":\"Hotel Terme Abano Verdi - Sito Ufficiale Hotel 4* Abano Terme\",\"description\":\"Hotel Abano Terme 4 stelle con SPA e Piscine termali\",\"publisher\":{\"@id\":\"https:\/\/www.abanoverdi.com\/#organization\"},\"potentialAction\":[{\"@type\":\"SearchAction\",\"target\":{\"@type\":\"EntryPoint\",\"urlTemplate\":\"https:\/\/www.abanoverdi.com\/?s={search_term_string}\"},\"query-input\":\"required name=search_term_string\"}],\"inLanguage\":\"fr-FR\"},{\"@type\":\"WebPage\",\"@id\":\"https:\/\/www.abanoverdi.com\/fr\/collines-euganeennes\/#webpage\",\"url\":\"https:\/\/www.abanoverdi.com\/fr\/collines-euganeennes\/\",\"name\":\"Collines Eugan\u00e9ennes - Hotel Terme Abano Verdi - Sito Ufficiale Hotel 4* Abano Terme\",\"isPartOf\":{\"@id\":\"https:\/\/www.abanoverdi.com\/#website\"},\"datePublished\":\"2019-02-28T10:18:35+00:00\",\"dateModified\":\"2019-06-28T10:23:20+00:00\",\"description\":\"Collines Eugan\u00e9ennes Abbiamo selezionato per voi alcuni luoghi caratteristici in cui castelli, ville venete, abbazie, borghi medievali, musei, giardini fanno da scenario agli incantevoli paesaggi dei Colli Euganei.\",\"breadcrumb\":{\"@id\":\"https:\/\/www.abanoverdi.com\/fr\/collines-euganeennes\/#breadcrumb\"},\"inLanguage\":\"fr-FR\",\"potentialAction\":[{\"@type\":\"ReadAction\",\"target\":[\"https:\/\/www.abanoverdi.com\/fr\/collines-euganeennes\/\"]}]},{\"@type\":\"BreadcrumbList\",\"@id\":\"https:\/\/www.abanoverdi.com\/fr\/collines-euganeennes\/#breadcrumb\",\"itemListElement\":[{\"@type\":\"ListItem\",\"position\":1,\"name\":\"Home\",\"item\":\"https:\/\/www.abanoverdi.com\/fr\/\"},{\"@type\":\"ListItem\",\"position\":2,\"name\":\"Collines Eugan\u00e9ennes\"}]}]}<\/script>\n<!-- \/ Yoast SEO plugin. -->","yoast_head_json":{"title":"Collines Eugan\u00e9ennes - Hotel Terme Abano Verdi - Sito Ufficiale Hotel 4* Abano Terme","description":"Collines Eugan\u00e9ennes Abbiamo selezionato per voi alcuni luoghi caratteristici in cui castelli, ville venete, abbazie, borghi medievali, musei, giardini fanno da scenario agli incantevoli paesaggi dei Colli Euganei.","robots":{"index":"index","follow":"follow","max-snippet":"max-snippet:-1","max-image-preview":"max-image-preview:large","max-video-preview":"max-video-preview:-1"},"canonical":"https:\/\/www.abanoverdi.com\/fr\/collines-euganeennes\/","og_locale":"fr_FR","og_type":"article","og_title":"Collines Eugan\u00e9ennes - Hotel Terme Abano Verdi - Sito Ufficiale Hotel 4* Abano Terme","og_description":"Collines Eugan\u00e9ennes Abbiamo selezionato per voi alcuni luoghi caratteristici in cui castelli, ville venete, abbazie, borghi medievali, musei, giardini fanno da scenario agli incantevoli paesaggi dei Colli Euganei.","og_url":"https:\/\/www.abanoverdi.com\/fr\/collines-euganeennes\/","og_site_name":"Hotel Terme Abano Verdi - Sito Ufficiale Hotel 4* Abano Terme","article_publisher":"https:\/\/www.facebook.com\/HotelAbanoVerdi","article_modified_time":"2019-06-28T10:23:20+00:00","twitter_card":"summary_large_image","twitter_site":"@abanoverdi","twitter_misc":{"Dur\u00e9e de lecture estim\u00e9e":"18 minutes"},"schema":{"@context":"https:\/\/schema.org","@graph":[{"@type":"Organization","@id":"https:\/\/www.abanoverdi.com\/#organization","name":"Hotel Terme Abano Verdi","url":"https:\/\/www.abanoverdi.com\/","sameAs":["https:\/\/www.facebook.com\/HotelAbanoVerdi","https:\/\/www.instagram.com\/hotelabanoverdi\/","https:\/\/www.youtube.com\/channel\/UCCqIQp1lBXOEoN7lKyEdnEA\/","https:\/\/www.pinterest.it\/HotelAbanoVerdi\/","https:\/\/twitter.com\/abanoverdi"],"logo":{"@type":"ImageObject","@id":"https:\/\/www.abanoverdi.com\/#logo","inLanguage":"fr-FR","url":"https:\/\/www.abanoverdi.com\/wp-content\/uploads\/2018\/11\/logo-verdi-compresso-1.png","contentUrl":"https:\/\/www.abanoverdi.com\/wp-content\/uploads\/2018\/11\/logo-verdi-compresso-1.png","width":206,"height":92,"caption":"Hotel Terme Abano Verdi"},"image":{"@id":"https:\/\/www.abanoverdi.com\/#logo"}},{"@type":"WebSite","@id":"https:\/\/www.abanoverdi.com\/#website","url":"https:\/\/www.abanoverdi.com\/","name":"Hotel Terme Abano Verdi - Sito Ufficiale Hotel 4* Abano Terme","description":"Hotel Abano Terme 4 stelle con SPA e Piscine termali","publisher":{"@id":"https:\/\/www.abanoverdi.com\/#organization"},"potentialAction":[{"@type":"SearchAction","target":{"@type":"EntryPoint","urlTemplate":"https:\/\/www.abanoverdi.com\/?s={search_term_string}"},"query-input":"required name=search_term_string"}],"inLanguage":"fr-FR"},{"@type":"WebPage","@id":"https:\/\/www.abanoverdi.com\/fr\/collines-euganeennes\/#webpage","url":"https:\/\/www.abanoverdi.com\/fr\/collines-euganeennes\/","name":"Collines Eugan\u00e9ennes - Hotel Terme Abano Verdi - Sito Ufficiale Hotel 4* Abano Terme","isPartOf":{"@id":"https:\/\/www.abanoverdi.com\/#website"},"datePublished":"2019-02-28T10:18:35+00:00","dateModified":"2019-06-28T10:23:20+00:00","description":"Collines Eugan\u00e9ennes Abbiamo selezionato per voi alcuni luoghi caratteristici in cui castelli, ville venete, abbazie, borghi medievali, musei, giardini fanno da scenario agli incantevoli paesaggi dei Colli Euganei.","breadcrumb":{"@id":"https:\/\/www.abanoverdi.com\/fr\/collines-euganeennes\/#breadcrumb"},"inLanguage":"fr-FR","potentialAction":[{"@type":"ReadAction","target":["https:\/\/www.abanoverdi.com\/fr\/collines-euganeennes\/"]}]},{"@type":"BreadcrumbList","@id":"https:\/\/www.abanoverdi.com\/fr\/collines-euganeennes\/#breadcrumb","itemListElement":[{"@type":"ListItem","position":1,"name":"Home","item":"https:\/\/www.abanoverdi.com\/fr\/"},{"@type":"ListItem","position":2,"name":"Collines Eugan\u00e9ennes"}]}]}},"_links":{"self":[{"href":"https:\/\/www.abanoverdi.com\/fr\/wp-json\/wp\/v2\/pages\/5880"}],"collection":[{"href":"https:\/\/www.abanoverdi.com\/fr\/wp-json\/wp\/v2\/pages"}],"about":[{"href":"https:\/\/www.abanoverdi.com\/fr\/wp-json\/wp\/v2\/types\/page"}],"author":[{"embeddable":true,"href":"https:\/\/www.abanoverdi.com\/fr\/wp-json\/wp\/v2\/users\/2"}],"replies":[{"embeddable":true,"href":"https:\/\/www.abanoverdi.com\/fr\/wp-json\/wp\/v2\/comments?post=5880"}],"version-history":[{"count":8,"href":"https:\/\/www.abanoverdi.com\/fr\/wp-json\/wp\/v2\/pages\/5880\/revisions"}],"predecessor-version":[{"id":6775,"href":"https:\/\/www.abanoverdi.com\/fr\/wp-json\/wp\/v2\/pages\/5880\/revisions\/6775"}],"wp:attachment":[{"href":"https:\/\/www.abanoverdi.com\/fr\/wp-json\/wp\/v2\/media?parent=5880"}],"curies":[{"name":"wp","href":"https:\/\/api.w.org\/{rel}","templated":true}]}}